{"id":5389,"date":"2024-03-27T12:27:07","date_gmt":"2024-03-27T10:27:07","guid":{"rendered":"https:\/\/silfvastasholidayhomes.fi\/sauna\/"},"modified":"2025-03-03T10:38:40","modified_gmt":"2025-03-03T08:38:40","slug":"sauna","status":"publish","type":"page","link":"https:\/\/silfvastasholidayhomes.fi\/sv\/stugor\/sauna\/","title":{"rendered":"Sauna"},"content":{"rendered":"\r\n\r\n<section class=\"hero site-banner banner-bg-image section-image-only  alignfull image\">\r\n\r\n    <div class=\"site-banner-bg section-bg-image \" >\r\n\r\n        <img loading=\"lazy\" decoding=\"async\" width=\"978\" height=\"512\" src=\"https:\/\/silfvastasholidayhomes.fi\/wp-content\/uploads\/2024\/03\/steam-house-scaled-e1665504707132.jpg\" class=\"attachment-1536\u00d71536 size-1536\u00d71536\" alt=\"\" srcset=\"https:\/\/silfvastasholidayhomes.fi\/wp-content\/uploads\/2024\/03\/steam-house-scaled-e1665504707132.jpg 978w, https:\/\/silfvastasholidayhomes.fi\/wp-content\/uploads\/2024\/03\/steam-house-scaled-e1665504707132-300x157.jpg 300w, https:\/\/silfvastasholidayhomes.fi\/wp-content\/uploads\/2024\/03\/steam-house-scaled-e1665504707132-768x402.jpg 768w\" sizes=\"auto, (max-width: 978px) 100vw, 978px\" \/>\r\n        \r\n        <\/section>\n\n\n<div class=\"wp-block-group alignfull has-blue-background-color has-background\"><div class=\"wp-block-group__inner-container is-layout-constrained wp-block-group-is-layout-constrained\">\n<div class=\"wp-block-columns is-style-narrow is-layout-flex wp-container-core-columns-is-layout-9d6595d7 wp-block-columns-is-layout-flex\">\n<div class=\"wp-block-column is-layout-flow wp-block-column-is-layout-flow\">\n<h2 class=\"wp-block-heading has-text-align-center has-white-color has-text-color has-link-color wp-elements-e0210f10fd76eb5ba43aacf9a2af0c9f\">Sauna<\/h2>\n\n\n\n<h3 class=\"wp-block-heading has-text-align-center has-white-color has-text-color has-link-color wp-elements-daf28867bcf76dd20e659ba087f38717\">Bastun \u00e4r en separat timmerstuga och den v\u00e4rms upp med ved.<\/h3>\n\n\n\n<div style=\"height:15px\" aria-hidden=\"true\" class=\"wp-block-spacer\"><\/div>\n<\/div>\n<\/div>\n<\/div><\/div>\n\n\n\n<figure class=\"wp-block-video\"><video controls src=\"https:\/\/silfvastasholidayhomes.fi\/wp-content\/uploads\/2024\/03\/sauna.mp4\"><\/video><\/figure>\n\n\n\n<div class=\"wp-block-columns is-style-default is-layout-flex wp-container-core-columns-is-layout-9d6595d7 wp-block-columns-is-layout-flex\">\n<div class=\"wp-block-column is-layout-flow wp-block-column-is-layout-flow\">\n<h2 class=\"wp-block-heading has-text-align-center\">En absolut favorit hos v\u00e5ra kunder.<\/h2>\n\n\n\n<h2 class=\"wp-block-heading has-text-align-center\">Bokning fr\u00e4mst f\u00f6r Villa Anne och Honey stugans g\u00e4ster.<\/h2>\n<\/div>\n<\/div>\n\n\n<div class=\"image-and-text wp-block has-media-on-the-left\">\r\n<div class=\"row\">\r\n    <div class=\"col-12 col-md-6 image-col\">\r\n\r\n        <img loading=\"lazy\" decoding=\"async\" width=\"450\" height=\"300\" src=\"https:\/\/silfvastasholidayhomes.fi\/wp-content\/uploads\/2024\/03\/sauna-2019-450x300jpg.webp\" class=\"attachment-large size-large\" alt=\"\" srcset=\"https:\/\/silfvastasholidayhomes.fi\/wp-content\/uploads\/2024\/03\/sauna-2019-450x300jpg.webp 450w, https:\/\/silfvastasholidayhomes.fi\/wp-content\/uploads\/2024\/03\/sauna-2019-450x300jpg-300x200.webp 300w\" sizes=\"auto, (max-width: 450px) 100vw, 450px\" \/>    <\/div>\r\n\r\n    <div class=\"col-12 col-md-6 text-col has-background has-light-gray-background-color\"><div class=\"acf-innerblocks-container\">\n\n<h2 class=\"wp-block-heading\">Plats och omgivning<\/h2>\n\n\n\n<p>Den vackra vedv\u00e4rmda bastun f\u00f6r 10 personer byggdes 2012 vid floden Taasia, i riktning mot forsarna. Avst\u00e5ndet till bastun \u00e4r mindre \u00e4n 50 m fr\u00e5n b\u00e5de Villa Anne och stugan Honey.<\/p>\n\n\n\n<p>Solen skiner hela dagen \u00f6ver bastuns terrass och p\u00e5 kv\u00e4llen ses solnedg\u00e5ngen bakom tr\u00e4dtopparna.<\/p>\n\n\n\n<p>Sm\u00e5 trappor leder l\u00e4ngs gr\u00e4set ner till bryggan. Du kan simma i floden. Vattendjupet \u00e4r cirka 1,5 m och vattnet har en brunaktig f\u00e4rg p\u00e5 grund av jordm\u00e5nen.<\/p>\n\n\n\n<p>Bastun v\u00e4rms upp med ved och \u00e4r f\u00e4rdig p\u00e5 en timme. Se till att du tillf\u00f6r tillr\u00e4ckligt med ved i bastuugn f\u00f6r att uppr\u00e4tth\u00e5lla temperaturen. V\u00e4rden v\u00e4rmer bastun enligt kundens planer.<\/p>\n\n<\/div>\r\n<\/div>\r\n<\/div>\r\n<\/div>\n\n\r\n<div  class=\"accordion accordion-bg\">\r\n\r\n    <div class=\"acf-innerblocks-container\">\n\r\n<div class=\"accordion-item  \">\r\n\r\n    <h2  class=\"accordion-header\">\r\n        <button class=\"accordion-button  collapsed h3\" type=\"button\" data-bs-toggle=\"collapse\" data-bs-target=\"#collapse-1540961023\" aria-expanded=\"false\" aria-controls=\"collapse-1540961023\">\r\n                        <span>Mera Information<\/span>        <\/button>\r\n    <\/h2>\r\n    <div id=\"collapse-1540961023\" class=\"accordion-collapse collapse  \" aria-labelledby=\"heading-1540961023\">\r\n        <div class=\"accordion-body\">\r\n            <div class=\"acf-innerblocks-container\">\n\n<div class=\"wp-block-columns is-layout-flex wp-container-core-columns-is-layout-9d6595d7 wp-block-columns-is-layout-flex\">\n<div class=\"wp-block-column is-layout-flow wp-block-column-is-layout-flow\">\n<h3 class=\"wp-block-heading\">Bastu lounge<\/h3>\n\n\n\n<p>I loungen kan du ha trevliga stunder efter bastun. Fyra f\u00f6ster med persienner.&nbsp;<\/p>\n\n\n\n<ul class=\"wp-block-list\">\n<li>Minik\u00f6k med spis med tv\u00e5 v\u00e4rmeplattor.&nbsp;&nbsp;<\/li>\n\n\n\n<li>Kylsk\u00e5p och diskho&nbsp;<\/li>\n\n\n\n<li>K\u00f6ksredskap, tallrikar, glas mm.&nbsp;<\/li>\n\n\n\n<li>Tv\u00e5 soptunnor och tv\u00e4ttmedel f\u00f6r diskning.&nbsp;<\/li>\n\n\n\n<li>B\u00e4ddsoffa&nbsp;&nbsp;<\/li>\n\n\n\n<li>Bord och pallar&nbsp;&nbsp;<\/li>\n\n\n\n<li>TV&nbsp;<\/li>\n\n\n\n<li>Bordlampa&nbsp;<\/li>\n\n\n\n<li>\u00d6ppen spis&nbsp;<\/li>\n<\/ul>\n\n\n\n<p>Titta p\u00e5 l\u00e5gorna som dansar i ugnen och njut av den lugnande effekten.&nbsp;<\/p>\n\n\n\n<h3 class=\"wp-block-heading\">Badrum<\/h3>\n\n\n\n<p>Badrummet \u00e4r rymligt med ett litet f\u00f6nster.<\/p>\n\n\n\n<ul class=\"wp-block-list\">\n<li>Tv\u00e5 duschar&nbsp;<\/li>\n\n\n\n<li>Bid\u00e9dusch&nbsp;<\/li>\n\n\n\n<li>Handfat&nbsp;&nbsp;<\/li>\n\n\n\n<li>Toalett&nbsp;&nbsp;<\/li>\n\n\n\n<li>Spegelsk\u00e5p&nbsp;<\/li>\n\n\n\n<li>Korg med handukar att sitta p\u00e5 bastub\u00e4nkarna inne i bastun.&nbsp;<\/li>\n\n\n\n<li>Flytande tv\u00e5l, schampo mm.&nbsp;<\/li>\n\n\n\n<li>Reng\u00f6ringsutrustning och tv\u00e4ttmedel I sk\u00e5pet under handfatet&nbsp;<\/li>\n\n\n\n<li>Tv\u00e4ttmaskin&nbsp;&nbsp;<\/li>\n<\/ul>\n<\/div>\n\n\n\n<div class=\"wp-block-column is-layout-flow wp-block-column-is-layout-flow\">\n<h3 class=\"wp-block-heading\">Basturum<\/h3>\n\n\n\n<ul class=\"wp-block-list\">\n<li>\u201dKiuas\u201d (bastuugn med heta stenar) N\u00e4r vattet tr\u00e4ffar stenarna skapar det en mjuk och behaglig v\u00e4rme.&nbsp;&nbsp;<\/li>\n\n\n\n<li>Spotljusen l\u00e4ngs v\u00e4ggen skapar en mysig atmosf\u00e4r.&nbsp;<\/li>\n\n\n\n<li>Bastub\u00e4nkarna rymmer upp till 10 personer.&nbsp;<\/li>\n\n\n\n<li>Varmvattenberedare under bastub\u00e4nkarna&nbsp;<\/li>\n\n\n\n<li>Ved och vatten&nbsp;&nbsp;<\/li>\n<\/ul>\n\n\n\n<h3 class=\"wp-block-heading\">Terrassen<\/h3>\n\n\n\n<p>P\u00e5 den rymliga terrassen kan du sitta och svalka dig medan du njuter av n\u00e5gon f\u00f6rfriskning efter bastun.&nbsp;<\/p>\n\n\n\n<p>P\u00e5 sommar skapar blommorna en vacker atmosf\u00e4r. P\u00e5 vintern under de m\u00f6rka&nbsp;<br>kv\u00e4llar kan du njuta av levandeljus i lyktor eller julljus.&nbsp;<\/p>\n\n\n\n<p>P\u00e5 terrassen kan du h\u00f6ra ljudet av vattnet rinna i forssen. F\u00e5glar som sjunger p\u00e5 sommaren och p\u00e5 vintern kan du beundra stj\u00e4rnhimlen under klara n\u00e4tter.&nbsp;<\/p>\n<\/div>\n<\/div>\n\n<\/div>        <\/div>\r\n\r\n\r\n    <\/div>\r\n<\/div>\n\n\r\n<div class=\"accordion-item  \">\r\n\r\n    <h2  class=\"accordion-header\">\r\n        <button class=\"accordion-button  collapsed h3\" type=\"button\" data-bs-toggle=\"collapse\" data-bs-target=\"#collapse-416641221\" aria-expanded=\"false\" aria-controls=\"collapse-416641221\">\r\n                        <span>Reng\u00f6ring och brands\u00e4kerhet<\/span>        <\/button>\r\n    <\/h2>\r\n    <div id=\"collapse-416641221\" class=\"accordion-collapse collapse  \" aria-labelledby=\"heading-416641221\">\r\n        <div class=\"accordion-body\">\r\n            <div class=\"acf-innerblocks-container\">\n\n<div class=\"wp-block-columns is-layout-flex wp-container-core-columns-is-layout-9d6595d7 wp-block-columns-is-layout-flex\">\n<div class=\"wp-block-column is-layout-flow wp-block-column-is-layout-flow\">\n<h3 class=\"wp-block-heading\">Brands\u00e4kerhet<\/h3>\n\n\n\n<p>F\u00f6r brands\u00e4kerheten i bastun finns det ett r\u00f6k- och kolmonoxidalarm, en brandsl\u00e4ckare och en brandfilt.<\/p>\n\n\n\n<h3 class=\"wp-block-heading\">St\u00e4dning och hygien<\/h3>\n\n\n\n<p>I st\u00e4dningen \u00e4r vi s\u00e4rskilt noga med att f\u00f6rhindra spridningen av infektioner. Handtv\u00e4ttsanvisningar finns i badrummen. Vi anv\u00e4nder ekologiska reng\u00f6ringsprodukter.<\/p>\n<\/div>\n<\/div>\n\n<\/div>        <\/div>\r\n\r\n\r\n    <\/div>\r\n<\/div>\n<\/div>\r\n<\/div>\n\n\n<h2 class=\"wp-block-heading\">Sauna<\/h2>\n\n\n\n<figure class=\"wp-block-gallery has-nested-images columns-5 is-cropped wp-block-gallery-1 is-layout-flex wp-block-gallery-is-layout-flex\">\n<figure class=\"wp-block-image size-large\"><a href=\"https:\/\/silfvastasholidayhomes.fi\/wp-content\/uploads\/2025\/03\/ruusut-ja-sauna-edit2.jpg\"><img loading=\"lazy\" decoding=\"async\" width=\"1024\" height=\"800\" data-id=\"6356\" src=\"https:\/\/silfvastasholidayhomes.fi\/wp-content\/uploads\/2025\/03\/ruusut-ja-sauna-edit2-1024x800.jpg\" alt=\"\" class=\"wp-image-6356\" srcset=\"https:\/\/silfvastasholidayhomes.fi\/wp-content\/uploads\/2025\/03\/ruusut-ja-sauna-edit2-1024x800.jpg 1024w, https:\/\/silfvastasholidayhomes.fi\/wp-content\/uploads\/2025\/03\/ruusut-ja-sauna-edit2-300x234.jpg 300w, https:\/\/silfvastasholidayhomes.fi\/wp-content\/uploads\/2025\/03\/ruusut-ja-sauna-edit2-768x600.jpg 768w, https:\/\/silfvastasholidayhomes.fi\/wp-content\/uploads\/2025\/03\/ruusut-ja-sauna-edit2.jpg 1158w\" sizes=\"auto, (max-width: 1024px) 100vw, 1024px\" \/><\/a><\/figure>\n\n\n\n<figure class=\"wp-block-image size-large\"><a href=\"https:\/\/silfvastasholidayhomes.fi\/wp-content\/uploads\/2025\/03\/sauna-ulkoa-edit.jpg\"><img loading=\"lazy\" decoding=\"async\" width=\"858\" height=\"1024\" data-id=\"6359\" src=\"https:\/\/silfvastasholidayhomes.fi\/wp-content\/uploads\/2025\/03\/sauna-ulkoa-edit-858x1024.jpg\" alt=\"\" class=\"wp-image-6359\" srcset=\"https:\/\/silfvastasholidayhomes.fi\/wp-content\/uploads\/2025\/03\/sauna-ulkoa-edit-858x1024.jpg 858w, https:\/\/silfvastasholidayhomes.fi\/wp-content\/uploads\/2025\/03\/sauna-ulkoa-edit-251x300.jpg 251w, https:\/\/silfvastasholidayhomes.fi\/wp-content\/uploads\/2025\/03\/sauna-ulkoa-edit-768x917.jpg 768w, https:\/\/silfvastasholidayhomes.fi\/wp-content\/uploads\/2025\/03\/sauna-ulkoa-edit-1287x1536.jpg 1287w, https:\/\/silfvastasholidayhomes.fi\/wp-content\/uploads\/2025\/03\/sauna-ulkoa-edit.jpg 1658w\" sizes=\"auto, (max-width: 858px) 100vw, 858px\" \/><\/a><\/figure>\n\n\n\n<figure class=\"wp-block-image size-large\"><a href=\"https:\/\/silfvastasholidayhomes.fi\/wp-content\/uploads\/2025\/03\/sauna-lund-2.jpg\"><img loading=\"lazy\" decoding=\"async\" width=\"722\" height=\"492\" data-id=\"6362\" src=\"https:\/\/silfvastasholidayhomes.fi\/wp-content\/uploads\/2025\/03\/sauna-lund-2.jpg\" alt=\"\" class=\"wp-image-6362\" srcset=\"https:\/\/silfvastasholidayhomes.fi\/wp-content\/uploads\/2025\/03\/sauna-lund-2.jpg 722w, https:\/\/silfvastasholidayhomes.fi\/wp-content\/uploads\/2025\/03\/sauna-lund-2-300x204.jpg 300w\" sizes=\"auto, (max-width: 722px) 100vw, 722px\" \/><\/a><\/figure>\n\n\n\n<figure class=\"wp-block-image size-large\"><a href=\"https:\/\/silfvastasholidayhomes.fi\/wp-content\/uploads\/2025\/03\/saunan-minikeittio-edit-1.jpg\"><img loading=\"lazy\" decoding=\"async\" width=\"1024\" height=\"1024\" data-id=\"6365\" src=\"https:\/\/silfvastasholidayhomes.fi\/wp-content\/uploads\/2025\/03\/saunan-minikeittio-edit-1-1024x1024.jpg\" alt=\"\" class=\"wp-image-6365\" srcset=\"https:\/\/silfvastasholidayhomes.fi\/wp-content\/uploads\/2025\/03\/saunan-minikeittio-edit-1-1024x1024.jpg 1024w, https:\/\/silfvastasholidayhomes.fi\/wp-content\/uploads\/2025\/03\/saunan-minikeittio-edit-1-300x300.jpg 300w, https:\/\/silfvastasholidayhomes.fi\/wp-content\/uploads\/2025\/03\/saunan-minikeittio-edit-1-150x150.jpg 150w, https:\/\/silfvastasholidayhomes.fi\/wp-content\/uploads\/2025\/03\/saunan-minikeittio-edit-1-768x768.jpg 768w, https:\/\/silfvastasholidayhomes.fi\/wp-content\/uploads\/2025\/03\/saunan-minikeittio-edit-1-1536x1536.jpg 1536w, https:\/\/silfvastasholidayhomes.fi\/wp-content\/uploads\/2025\/03\/saunan-minikeittio-edit-1-2048x2048.jpg 2048w\" sizes=\"auto, (max-width: 1024px) 100vw, 1024px\" \/><\/a><\/figure>\n\n\n\n<figure class=\"wp-block-image size-large\"><a href=\"https:\/\/silfvastasholidayhomes.fi\/wp-content\/uploads\/2025\/03\/saunan-minikeittio-edit.jpg\"><img loading=\"lazy\" decoding=\"async\" width=\"1024\" height=\"1024\" data-id=\"6368\" src=\"https:\/\/silfvastasholidayhomes.fi\/wp-content\/uploads\/2025\/03\/saunan-minikeittio-edit-1024x1024.jpg\" alt=\"\" class=\"wp-image-6368\" srcset=\"https:\/\/silfvastasholidayhomes.fi\/wp-content\/uploads\/2025\/03\/saunan-minikeittio-edit-1024x1024.jpg 1024w, https:\/\/silfvastasholidayhomes.fi\/wp-content\/uploads\/2025\/03\/saunan-minikeittio-edit-300x300.jpg 300w, https:\/\/silfvastasholidayhomes.fi\/wp-content\/uploads\/2025\/03\/saunan-minikeittio-edit-150x150.jpg 150w, https:\/\/silfvastasholidayhomes.fi\/wp-content\/uploads\/2025\/03\/saunan-minikeittio-edit-768x768.jpg 768w, https:\/\/silfvastasholidayhomes.fi\/wp-content\/uploads\/2025\/03\/saunan-minikeittio-edit-1536x1536.jpg 1536w, https:\/\/silfvastasholidayhomes.fi\/wp-content\/uploads\/2025\/03\/saunan-minikeittio-edit-2048x2048.jpg 2048w\" sizes=\"auto, (max-width: 1024px) 100vw, 1024px\" \/><\/a><\/figure>\n\n\n\n<figure class=\"wp-block-image size-large\"><a href=\"https:\/\/silfvastasholidayhomes.fi\/wp-content\/uploads\/2025\/03\/saunan-oleskelutila-uusi-1.jpg\"><img loading=\"lazy\" decoding=\"async\" width=\"1024\" height=\"1024\" data-id=\"6371\" src=\"https:\/\/silfvastasholidayhomes.fi\/wp-content\/uploads\/2025\/03\/saunan-oleskelutila-uusi-1-1024x1024.jpg\" alt=\"\" class=\"wp-image-6371\" srcset=\"https:\/\/silfvastasholidayhomes.fi\/wp-content\/uploads\/2025\/03\/saunan-oleskelutila-uusi-1-1024x1024.jpg 1024w, https:\/\/silfvastasholidayhomes.fi\/wp-content\/uploads\/2025\/03\/saunan-oleskelutila-uusi-1-300x300.jpg 300w, https:\/\/silfvastasholidayhomes.fi\/wp-content\/uploads\/2025\/03\/saunan-oleskelutila-uusi-1-150x150.jpg 150w, https:\/\/silfvastasholidayhomes.fi\/wp-content\/uploads\/2025\/03\/saunan-oleskelutila-uusi-1-768x768.jpg 768w, https:\/\/silfvastasholidayhomes.fi\/wp-content\/uploads\/2025\/03\/saunan-oleskelutila-uusi-1-1536x1536.jpg 1536w, https:\/\/silfvastasholidayhomes.fi\/wp-content\/uploads\/2025\/03\/saunan-oleskelutila-uusi-1-2048x2048.jpg 2048w\" sizes=\"auto, (max-width: 1024px) 100vw, 1024px\" \/><\/a><\/figure>\n\n\n\n<figure class=\"wp-block-image size-large\"><a href=\"https:\/\/silfvastasholidayhomes.fi\/wp-content\/uploads\/2025\/03\/saunan-oleskelutila-uusi.jpg\"><img loading=\"lazy\" decoding=\"async\" width=\"1024\" height=\"1024\" data-id=\"6374\" src=\"https:\/\/silfvastasholidayhomes.fi\/wp-content\/uploads\/2025\/03\/saunan-oleskelutila-uusi-1024x1024.jpg\" alt=\"\" class=\"wp-image-6374\" srcset=\"https:\/\/silfvastasholidayhomes.fi\/wp-content\/uploads\/2025\/03\/saunan-oleskelutila-uusi-1024x1024.jpg 1024w, https:\/\/silfvastasholidayhomes.fi\/wp-content\/uploads\/2025\/03\/saunan-oleskelutila-uusi-300x300.jpg 300w, https:\/\/silfvastasholidayhomes.fi\/wp-content\/uploads\/2025\/03\/saunan-oleskelutila-uusi-150x150.jpg 150w, https:\/\/silfvastasholidayhomes.fi\/wp-content\/uploads\/2025\/03\/saunan-oleskelutila-uusi-768x768.jpg 768w, https:\/\/silfvastasholidayhomes.fi\/wp-content\/uploads\/2025\/03\/saunan-oleskelutila-uusi-1536x1536.jpg 1536w, https:\/\/silfvastasholidayhomes.fi\/wp-content\/uploads\/2025\/03\/saunan-oleskelutila-uusi-2048x2048.jpg 2048w\" sizes=\"auto, (max-width: 1024px) 100vw, 1024px\" \/><\/a><\/figure>\n\n\n\n<figure class=\"wp-block-image size-large\"><a href=\"https:\/\/silfvastasholidayhomes.fi\/wp-content\/uploads\/2024\/03\/sauna-in-summer-scaled-1.jpg\"><img loading=\"lazy\" decoding=\"async\" width=\"1024\" height=\"1024\" data-id=\"5238\" src=\"https:\/\/silfvastasholidayhomes.fi\/wp-content\/uploads\/2024\/03\/sauna-in-summer-scaled-1-1024x1024.jpg\" alt=\"Loma ja sauna kuuluvat yhteen \" class=\"wp-image-5238\" srcset=\"https:\/\/silfvastasholidayhomes.fi\/wp-content\/uploads\/2024\/03\/sauna-in-summer-scaled-1-1024x1024.jpg 1024w, https:\/\/silfvastasholidayhomes.fi\/wp-content\/uploads\/2024\/03\/sauna-in-summer-scaled-1-300x300.jpg 300w, https:\/\/silfvastasholidayhomes.fi\/wp-content\/uploads\/2024\/03\/sauna-in-summer-scaled-1-150x150.jpg 150w, https:\/\/silfvastasholidayhomes.fi\/wp-content\/uploads\/2024\/03\/sauna-in-summer-scaled-1-768x768.jpg 768w, https:\/\/silfvastasholidayhomes.fi\/wp-content\/uploads\/2024\/03\/sauna-in-summer-scaled-1-1536x1536.jpg 1536w, https:\/\/silfvastasholidayhomes.fi\/wp-content\/uploads\/2024\/03\/sauna-in-summer-scaled-1.jpg 1920w\" sizes=\"auto, (max-width: 1024px) 100vw, 1024px\" \/><\/a><figcaption class=\"wp-element-caption\">Puusauna<\/figcaption><\/figure>\n\n\n\n<figure class=\"wp-block-image size-large\"><a href=\"https:\/\/silfvastasholidayhomes.fi\/wp-content\/uploads\/2024\/03\/dsc02231.jpg\"><img loading=\"lazy\" decoding=\"async\" width=\"1024\" height=\"682\" data-id=\"5232\" src=\"https:\/\/silfvastasholidayhomes.fi\/wp-content\/uploads\/2024\/03\/dsc02231-1024x682.jpg\" alt=\"\" class=\"wp-image-5232\" srcset=\"https:\/\/silfvastasholidayhomes.fi\/wp-content\/uploads\/2024\/03\/dsc02231-1024x682.jpg 1024w, https:\/\/silfvastasholidayhomes.fi\/wp-content\/uploads\/2024\/03\/dsc02231-300x200.jpg 300w, https:\/\/silfvastasholidayhomes.fi\/wp-content\/uploads\/2024\/03\/dsc02231-768x511.jpg 768w, https:\/\/silfvastasholidayhomes.fi\/wp-content\/uploads\/2024\/03\/dsc02231.jpg 1424w\" sizes=\"auto, (max-width: 1024px) 100vw, 1024px\" \/><\/a><\/figure>\n\n\n\n<figure class=\"wp-block-image size-large\"><a href=\"https:\/\/silfvastasholidayhomes.fi\/wp-content\/uploads\/2024\/03\/saunan-kuisti-scaled-1.jpg\"><img loading=\"lazy\" decoding=\"async\" width=\"1024\" height=\"682\" data-id=\"5244\" src=\"https:\/\/silfvastasholidayhomes.fi\/wp-content\/uploads\/2024\/03\/saunan-kuisti-scaled-1-1024x682.jpg\" alt=\"\" class=\"wp-image-5244\" srcset=\"https:\/\/silfvastasholidayhomes.fi\/wp-content\/uploads\/2024\/03\/saunan-kuisti-scaled-1-1024x682.jpg 1024w, https:\/\/silfvastasholidayhomes.fi\/wp-content\/uploads\/2024\/03\/saunan-kuisti-scaled-1-300x200.jpg 300w, https:\/\/silfvastasholidayhomes.fi\/wp-content\/uploads\/2024\/03\/saunan-kuisti-scaled-1-768x511.jpg 768w, https:\/\/silfvastasholidayhomes.fi\/wp-content\/uploads\/2024\/03\/saunan-kuisti-scaled-1-1536x1022.jpg 1536w, https:\/\/silfvastasholidayhomes.fi\/wp-content\/uploads\/2024\/03\/saunan-kuisti-scaled-1.jpg 1920w\" sizes=\"auto, (max-width: 1024px) 100vw, 1024px\" \/><\/a><\/figure>\n\n\n\n<figure class=\"wp-block-image size-large\"><a href=\"https:\/\/silfvastasholidayhomes.fi\/wp-content\/uploads\/2024\/03\/saunan-kuistilta-kopio-scaled-1.jpg\"><img loading=\"lazy\" decoding=\"async\" width=\"1024\" height=\"752\" data-id=\"5242\" src=\"https:\/\/silfvastasholidayhomes.fi\/wp-content\/uploads\/2024\/03\/saunan-kuistilta-kopio-scaled-1-1024x752.jpg\" alt=\"Sauna kuuluu m\u00f6kkilomaan\" class=\"wp-image-5242\" srcset=\"https:\/\/silfvastasholidayhomes.fi\/wp-content\/uploads\/2024\/03\/saunan-kuistilta-kopio-scaled-1-1024x752.jpg 1024w, https:\/\/silfvastasholidayhomes.fi\/wp-content\/uploads\/2024\/03\/saunan-kuistilta-kopio-scaled-1-300x220.jpg 300w, https:\/\/silfvastasholidayhomes.fi\/wp-content\/uploads\/2024\/03\/saunan-kuistilta-kopio-scaled-1-768x564.jpg 768w, https:\/\/silfvastasholidayhomes.fi\/wp-content\/uploads\/2024\/03\/saunan-kuistilta-kopio-scaled-1-1536x1128.jpg 1536w, https:\/\/silfvastasholidayhomes.fi\/wp-content\/uploads\/2024\/03\/saunan-kuistilta-kopio-scaled-1.jpg 1920w\" sizes=\"auto, (max-width: 1024px) 100vw, 1024px\" \/><\/a><\/figure>\n\n\n\n<figure class=\"wp-block-image size-large\"><a href=\"https:\/\/silfvastasholidayhomes.fi\/wp-content\/uploads\/2024\/03\/dsc00109-scaled-1.jpg\"><img loading=\"lazy\" decoding=\"async\" width=\"1024\" height=\"682\" data-id=\"5230\" src=\"https:\/\/silfvastasholidayhomes.fi\/wp-content\/uploads\/2024\/03\/dsc00109-scaled-1-1024x682.jpg\" alt=\"\" class=\"wp-image-5230\" srcset=\"https:\/\/silfvastasholidayhomes.fi\/wp-content\/uploads\/2024\/03\/dsc00109-scaled-1-1024x682.jpg 1024w, https:\/\/silfvastasholidayhomes.fi\/wp-content\/uploads\/2024\/03\/dsc00109-scaled-1-300x200.jpg 300w, https:\/\/silfvastasholidayhomes.fi\/wp-content\/uploads\/2024\/03\/dsc00109-scaled-1-768x511.jpg 768w, https:\/\/silfvastasholidayhomes.fi\/wp-content\/uploads\/2024\/03\/dsc00109-scaled-1-1536x1022.jpg 1536w, https:\/\/silfvastasholidayhomes.fi\/wp-content\/uploads\/2024\/03\/dsc00109-scaled-1.jpg 1920w\" sizes=\"auto, (max-width: 1024px) 100vw, 1024px\" \/><\/a><\/figure>\n\n\n\n<figure class=\"wp-block-image size-large\"><a href=\"https:\/\/silfvastasholidayhomes.fi\/wp-content\/uploads\/2024\/03\/sauna-seatingroom-scaled-1.jpg\"><img loading=\"lazy\" decoding=\"async\" width=\"1024\" height=\"696\" data-id=\"5246\" src=\"https:\/\/silfvastasholidayhomes.fi\/wp-content\/uploads\/2024\/03\/sauna-seatingroom-scaled-1-1024x696.jpg\" alt=\"\" class=\"wp-image-5246\" srcset=\"https:\/\/silfvastasholidayhomes.fi\/wp-content\/uploads\/2024\/03\/sauna-seatingroom-scaled-1-1024x696.jpg 1024w, https:\/\/silfvastasholidayhomes.fi\/wp-content\/uploads\/2024\/03\/sauna-seatingroom-scaled-1-300x204.jpg 300w, https:\/\/silfvastasholidayhomes.fi\/wp-content\/uploads\/2024\/03\/sauna-seatingroom-scaled-1-768x522.jpg 768w, https:\/\/silfvastasholidayhomes.fi\/wp-content\/uploads\/2024\/03\/sauna-seatingroom-scaled-1-1536x1044.jpg 1536w, https:\/\/silfvastasholidayhomes.fi\/wp-content\/uploads\/2024\/03\/sauna-seatingroom-scaled-1.jpg 1920w\" sizes=\"auto, (max-width: 1024px) 100vw, 1024px\" \/><\/a><\/figure>\n\n\n\n<figure class=\"wp-block-image size-large\"><a href=\"https:\/\/silfvastasholidayhomes.fi\/wp-content\/uploads\/2024\/03\/sauna-autumn-2016-scaled-1.jpg\"><img loading=\"lazy\" decoding=\"async\" width=\"1024\" height=\"682\" data-id=\"5236\" src=\"https:\/\/silfvastasholidayhomes.fi\/wp-content\/uploads\/2024\/03\/sauna-autumn-2016-scaled-1-1024x682.jpg\" alt=\"\" class=\"wp-image-5236\" srcset=\"https:\/\/silfvastasholidayhomes.fi\/wp-content\/uploads\/2024\/03\/sauna-autumn-2016-scaled-1-1024x682.jpg 1024w, https:\/\/silfvastasholidayhomes.fi\/wp-content\/uploads\/2024\/03\/sauna-autumn-2016-scaled-1-300x200.jpg 300w, https:\/\/silfvastasholidayhomes.fi\/wp-content\/uploads\/2024\/03\/sauna-autumn-2016-scaled-1-768x511.jpg 768w, https:\/\/silfvastasholidayhomes.fi\/wp-content\/uploads\/2024\/03\/sauna-autumn-2016-scaled-1-1536x1022.jpg 1536w, https:\/\/silfvastasholidayhomes.fi\/wp-content\/uploads\/2024\/03\/sauna-autumn-2016-scaled-1.jpg 1920w\" sizes=\"auto, (max-width: 1024px) 100vw, 1024px\" \/><\/a><\/figure>\n\n\n\n<figure class=\"wp-block-image size-large\"><a href=\"https:\/\/silfvastasholidayhomes.fi\/wp-content\/uploads\/2024\/03\/sauna-in-winter.jpg\"><img loading=\"lazy\" decoding=\"async\" width=\"1024\" height=\"768\" data-id=\"5240\" src=\"https:\/\/silfvastasholidayhomes.fi\/wp-content\/uploads\/2024\/03\/sauna-in-winter-1024x768.jpg\" alt=\"\" class=\"wp-image-5240\" srcset=\"https:\/\/silfvastasholidayhomes.fi\/wp-content\/uploads\/2024\/03\/sauna-in-winter-1024x768.jpg 1024w, https:\/\/silfvastasholidayhomes.fi\/wp-content\/uploads\/2024\/03\/sauna-in-winter-300x225.jpg 300w, https:\/\/silfvastasholidayhomes.fi\/wp-content\/uploads\/2024\/03\/sauna-in-winter-768x576.jpg 768w, https:\/\/silfvastasholidayhomes.fi\/wp-content\/uploads\/2024\/03\/sauna-in-winter.jpg 1365w\" sizes=\"auto, (max-width: 1024px) 100vw, 1024px\" \/><\/a><\/figure>\n\n\n\n<figure class=\"wp-block-image size-large\"><a href=\"https:\/\/silfvastasholidayhomes.fi\/wp-content\/uploads\/2024\/03\/suihkutilat-saunalla.jpg\"><img loading=\"lazy\" decoding=\"async\" width=\"1024\" height=\"582\" data-id=\"5250\" src=\"https:\/\/silfvastasholidayhomes.fi\/wp-content\/uploads\/2024\/03\/suihkutilat-saunalla-1024x582.jpg\" alt=\"\" class=\"wp-image-5250\" srcset=\"https:\/\/silfvastasholidayhomes.fi\/wp-content\/uploads\/2024\/03\/suihkutilat-saunalla-1024x582.jpg 1024w, https:\/\/silfvastasholidayhomes.fi\/wp-content\/uploads\/2024\/03\/suihkutilat-saunalla-300x171.jpg 300w, https:\/\/silfvastasholidayhomes.fi\/wp-content\/uploads\/2024\/03\/suihkutilat-saunalla-768x437.jpg 768w, https:\/\/silfvastasholidayhomes.fi\/wp-content\/uploads\/2024\/03\/suihkutilat-saunalla-1536x874.jpg 1536w, https:\/\/silfvastasholidayhomes.fi\/wp-content\/uploads\/2024\/03\/suihkutilat-saunalla-2048x1165.jpg 2048w\" sizes=\"auto, (max-width: 1024px) 100vw, 1024px\" \/><\/a><\/figure>\n<\/figure>\n","protected":false},"excerpt":{"rendered":"<p>Sauna Bastun \u00e4r en separat timmerstuga och den v\u00e4rms upp med ved. En absolut favorit hos v\u00e5ra kunder. Bokning fr\u00e4mst f\u00f6r Villa Anne och Honey stugans g\u00e4ster. Sauna<\/p>\n","protected":false},"author":1,"featured_media":0,"parent":5397,"menu_order":0,"comment_status":"closed","ping_status":"closed","template":"","meta":{"_acf_changed":false,"footnotes":""},"class_list":["post-5389","page","type-page","status-publish","hentry"],"acf":[],"aioseo_notices":[],"_links":{"self":[{"href":"https:\/\/silfvastasholidayhomes.fi\/sv\/wp-json\/wp\/v2\/pages\/5389","targetHints":{"allow":["GET"]}}],"collection":[{"href":"https:\/\/silfvastasholidayhomes.fi\/sv\/wp-json\/wp\/v2\/pages"}],"about":[{"href":"https:\/\/silfvastasholidayhomes.fi\/sv\/wp-json\/wp\/v2\/types\/page"}],"author":[{"embeddable":true,"href":"https:\/\/silfvastasholidayhomes.fi\/sv\/wp-json\/wp\/v2\/users\/1"}],"replies":[{"embeddable":true,"href":"https:\/\/silfvastasholidayhomes.fi\/sv\/wp-json\/wp\/v2\/comments?post=5389"}],"version-history":[{"count":0,"href":"https:\/\/silfvastasholidayhomes.fi\/sv\/wp-json\/wp\/v2\/pages\/5389\/revisions"}],"up":[{"embeddable":true,"href":"https:\/\/silfvastasholidayhomes.fi\/sv\/wp-json\/wp\/v2\/pages\/5397"}],"wp:attachment":[{"href":"https:\/\/silfvastasholidayhomes.fi\/sv\/wp-json\/wp\/v2\/media?parent=5389"}],"curies":[{"name":"wp","href":"https:\/\/api.w.org\/{rel}","templated":true}]}}