{"id":6836,"date":"2026-03-06T19:52:37","date_gmt":"2026-03-06T17:52:37","guid":{"rendered":"https:\/\/silfvastasholidayhomes.fi\/stugor\/lomamokki-villa-anne\/"},"modified":"2026-03-06T19:52:37","modified_gmt":"2026-03-06T17:52:37","slug":"lomamokki-villa-anne","status":"publish","type":"page","link":"https:\/\/silfvastasholidayhomes.fi\/sv\/stugor\/lomamokki-villa-anne\/","title":{"rendered":"Lomam\u00f6kki Villa Anne"},"content":{"rendered":"\r\n\r\n<section class=\"hero site-banner banner-bg-image section-default default alignfull image\">\r\n\r\n    <div class=\"site-banner-bg section-bg-image \" >\r\n\r\n        <img loading=\"lazy\" decoding=\"async\" width=\"1200\" height=\"711\" src=\"https:\/\/silfvastasholidayhomes.fi\/wp-content\/uploads\/2024\/03\/20210610-135253-2-scaled-e1665506577264.jpg\" class=\"attachment-1536\u00d71536 size-1536\u00d71536\" alt=\"\" srcset=\"https:\/\/silfvastasholidayhomes.fi\/wp-content\/uploads\/2024\/03\/20210610-135253-2-scaled-e1665506577264.jpg 1200w, https:\/\/silfvastasholidayhomes.fi\/wp-content\/uploads\/2024\/03\/20210610-135253-2-scaled-e1665506577264-300x178.jpg 300w, https:\/\/silfvastasholidayhomes.fi\/wp-content\/uploads\/2024\/03\/20210610-135253-2-scaled-e1665506577264-1024x607.jpg 1024w, https:\/\/silfvastasholidayhomes.fi\/wp-content\/uploads\/2024\/03\/20210610-135253-2-scaled-e1665506577264-768x455.jpg 768w\" sizes=\"auto, (max-width: 1200px) 100vw, 1200px\" \/>\r\n        \r\n            <div class=\"site-banner-content container\">\r\n                <div class=\"row w-100\">\r\n                    <div class=\"col-md-12\">\r\n\r\n                        <h1 class=\"hero-title\">Lomam\u00f6kki koko perheelle<\/h1><div class=\"inner-content\">\r\n                            <div class=\"acf-innerblocks-container\"><\/div>\r\n                        <\/div>                    <\/div>\r\n                <\/div>\r\n            <\/div>\r\n        \r\n        <\/div><\/section>\n\n\n<div class=\"wp-block-group alignfull has-blue-background-color has-background\"><div class=\"wp-block-group__inner-container is-layout-constrained wp-block-group-is-layout-constrained\">\n<div class=\"wp-block-columns is-style-narrow is-layout-flex wp-container-core-columns-is-layout-9d6595d7 wp-block-columns-is-layout-flex\">\n<div class=\"wp-block-column is-layout-flow wp-block-column-is-layout-flow\">\n<h2 class=\"wp-block-heading has-text-align-center has-white-color has-text-color has-link-color wp-elements-9710605f3c9733a1bb60d82dc4fab568\">Lomam\u00f6kki Villa Anne<\/h2>\n\n\n\n<h3 class=\"wp-block-heading has-text-align-center has-white-color has-text-color has-link-color wp-elements-85831bfee135e8e89231b4622dd6c43f\">Hirsim\u00f6kki (60m2), jossa asuintilat sijaitsevat kahdessa kerroksessa.<\/h3>\n\n\n\n<div class=\"wp-block-buttons is-content-justification-center is-layout-flex wp-container-core-buttons-is-layout-16018d1d wp-block-buttons-is-layout-flex\">\n<div class=\"wp-block-button\"><a class=\"wp-block-button__link wp-element-button\" href=\"https:\/\/silfvastasholidayhomes.varauskalenteri.fi\/villa-anne\/\" target=\"_blank\" rel=\"noreferrer noopener\">Varauskalenteri<\/a><\/div>\n<\/div>\n<\/div>\n<\/div>\n<\/div><\/div>\n\n\n\n<figure class=\"wp-block-video\"><video controls src=\"https:\/\/silfvastasholidayhomes.fi\/wp-content\/uploads\/2024\/03\/villa-anne.mp4\"><\/video><\/figure>\n\n\n\n<div class=\"wp-block-columns is-layout-flex wp-container-core-columns-is-layout-9d6595d7 wp-block-columns-is-layout-flex\">\n<div class=\"wp-block-column is-layout-flow wp-block-column-is-layout-flow\">\n<h2 class=\"wp-block-heading has-text-align-center\">Villa Anne soveltuu perheelle tai viidelle aikuiselle. K\u00e4ytt\u00f6\u00f6n voit varata erillisen puul\u00e4mmitteisen saunan.<\/h2>\n<\/div>\n<\/div>\n\n\n<div class=\"image-and-text wp-block has-media-on-the-left\">\r\n<div class=\"row\">\r\n    <div class=\"col-12 col-md-6 image-col\">\r\n\r\n        <img loading=\"lazy\" decoding=\"async\" width=\"800\" height=\"523\" src=\"https:\/\/silfvastasholidayhomes.fi\/wp-content\/uploads\/2024\/03\/sauna-ja-villa-anne-scaled-1-1024x670.jpg\" class=\"attachment-large size-large\" alt=\"\" srcset=\"https:\/\/silfvastasholidayhomes.fi\/wp-content\/uploads\/2024\/03\/sauna-ja-villa-anne-scaled-1-1024x670.jpg 1024w, https:\/\/silfvastasholidayhomes.fi\/wp-content\/uploads\/2024\/03\/sauna-ja-villa-anne-scaled-1-300x196.jpg 300w, https:\/\/silfvastasholidayhomes.fi\/wp-content\/uploads\/2024\/03\/sauna-ja-villa-anne-scaled-1-768x503.jpg 768w, https:\/\/silfvastasholidayhomes.fi\/wp-content\/uploads\/2024\/03\/sauna-ja-villa-anne-scaled-1-1536x1006.jpg 1536w, https:\/\/silfvastasholidayhomes.fi\/wp-content\/uploads\/2024\/03\/sauna-ja-villa-anne-scaled-1.jpg 1920w\" sizes=\"auto, (max-width: 800px) 100vw, 800px\" \/>    <\/div>\r\n\r\n    <div class=\"col-12 col-md-6 text-col has-background has-light-gray-background-color\"><div class=\"acf-innerblocks-container\">\n\n<h2 class=\"wp-block-heading\">Sijainti ja ymp\u00e4rist\u00f6<\/h2>\n\n\n\n<p>Villa Anne kaksikerroksinen hirsim\u00f6kki, on rakennettu 2000-luvun alussa. Se sijaitsee puutarhamaisella tontilla Taasianjoen rannalla. Suojaisa sis\u00e4\u00e4nk\u00e4ynti m\u00f6kkiin on joen puolella. Sielt\u00e4 avautuu n\u00e4kym\u00e4 auringonlaskun suuntaan.<\/p>\n\n\n\n<p>Piha-alueen peitt\u00e4\u00e4 nurmikko. Kes\u00e4isin siell\u00e4 on puutarhakalusteet. Vuokram\u00f6kin vieress\u00e4 on tilava grillikota, jossa k\u00e4ytet\u00e4\u00e4n hiili\u00e4 grillaukseen.<\/p>\n\n\n\n<p>Pensasaita antaa hyv\u00e4n n\u00e4k\u00f6suojan viereiseen lomam\u00f6kki Villa Hennaan. M\u00f6kki on suojassa tontilla olevan omistajien talon suhteen.<\/p>\n\n\n\n<h3 class=\"wp-block-heading\">Naapurit<\/h3>\n\n\n\n<p>L\u00e4hin naapuri on joen toisella puolella. Sielt\u00e4 n\u00e4kyv\u00e4t l\u00e4hinn\u00e4 ulkona tarhauksessa olevat hevoset. Joen t\u00f6rm\u00e4ll\u00e4 olevat puut antavat n\u00e4k\u00f6suojaa. Ulkosaunaan on matkaa noin 50 m.<\/p>\n\n<\/div>\r\n<\/div>\r\n<\/div>\r\n<\/div>\n\n\n<div class=\"wp-block-columns is-layout-flex wp-container-core-columns-is-layout-9d6595d7 wp-block-columns-is-layout-flex\">\n<div class=\"wp-block-column is-layout-flow wp-block-column-is-layout-flow\" style=\"flex-basis:100%\">\n<div class=\"wp-block-columns is-layout-flex wp-container-core-columns-is-layout-9d6595d7 wp-block-columns-is-layout-flex\">\n<div class=\"wp-block-column is-layout-flow wp-block-column-is-layout-flow\" style=\"flex-basis:100%\"><div class=\"image-and-text wp-block has-media-on-the-left\">\r\n<div class=\"row\">\r\n    <div class=\"col-12 col-md-5 image-col\">\r\n\r\n        <img loading=\"lazy\" decoding=\"async\" width=\"683\" height=\"1024\" src=\"https:\/\/silfvastasholidayhomes.fi\/wp-content\/uploads\/2026\/03\/8j7a0175-683x1024.jpg\" class=\"attachment-large size-large\" alt=\"\" srcset=\"https:\/\/silfvastasholidayhomes.fi\/wp-content\/uploads\/2026\/03\/8j7a0175-683x1024.jpg 683w, https:\/\/silfvastasholidayhomes.fi\/wp-content\/uploads\/2026\/03\/8j7a0175-200x300.jpg 200w, https:\/\/silfvastasholidayhomes.fi\/wp-content\/uploads\/2026\/03\/8j7a0175-768x1152.jpg 768w, https:\/\/silfvastasholidayhomes.fi\/wp-content\/uploads\/2026\/03\/8j7a0175-1024x1536.jpg 1024w, https:\/\/silfvastasholidayhomes.fi\/wp-content\/uploads\/2026\/03\/8j7a0175-1365x2048.jpg 1365w, https:\/\/silfvastasholidayhomes.fi\/wp-content\/uploads\/2026\/03\/8j7a0175-scaled.jpg 1707w\" sizes=\"auto, (max-width: 683px) 100vw, 683px\" \/>    <\/div>\r\n\r\n    <div class=\"col-12 col-md-7 text-col has-background has-light-gray-background-color\"><div class=\"acf-innerblocks-container\">\n\n<h3 class=\"wp-block-heading\">Pohjaratkaisu<\/h3>\n\n\n\n<p class=\"has-small-font-size\">Majoitustilat ovat kahdessa kerroksessa. Ks. oheinen video.<\/p>\n\n\n\n<p class=\"has-small-font-size\">Villa Annen katetulta kuistilta saavut eteiseen. Siit\u00e4 oikealle p\u00e4\u00e4set oleskelutilaan, jonka takana on pieni, mutta toimiva keitti\u00f6. Peseytymistila ja wc ovat heti oleskelutilaan ment\u00e4ess\u00e4 vasemmalla.<\/p>\n\n\n\n<p class=\"has-small-font-size\">Alakerrasta jyrk\u00e4hk\u00f6t portaat johtavat puoliavoimeen, parvityyppiseen yl\u00e4kertaan. Huone toimii suojaisana makuuhuoneena. Portaikossa on lasten turvaportti.<\/p>\n\n\n\n<p class=\"has-small-font-size\">Yl\u00e4kerran ikkuna on it\u00e4\u00e4n, puutarhaan p\u00e4in ja ikkunassa on s\u00e4lekaihtimet. Yl\u00e4kerrassa on parveke ilta-auringon suuntaan joelle p\u00e4in.<\/p>\n\n<\/div>\r\n<\/div>\r\n<\/div>\r\n<\/div><\/div>\n<\/div>\n<\/div>\n<\/div>\n\n\n\r\n<div  class=\"accordion accordion-bg\">\r\n\r\n    <div class=\"acf-innerblocks-container\">\n\r\n<div class=\"accordion-item  \">\r\n\r\n    <h2  class=\"accordion-header\">\r\n        <button class=\"accordion-button  collapsed h3\" type=\"button\" data-bs-toggle=\"collapse\" data-bs-target=\"#collapse-346052312\" aria-expanded=\"false\" aria-controls=\"collapse-346052312\">\r\n                        <span>M\u00f6kin tilat ja varustelu<\/span>        <\/button>\r\n    <\/h2>\r\n    <div id=\"collapse-346052312\" class=\"accordion-collapse collapse  \" aria-labelledby=\"heading-346052312\">\r\n        <div class=\"accordion-body\">\r\n            <div class=\"acf-innerblocks-container\">\n\n<div class=\"wp-block-columns is-layout-flex wp-container-core-columns-is-layout-9d6595d7 wp-block-columns-is-layout-flex\">\n<div class=\"wp-block-column is-layout-flow wp-block-column-is-layout-flow\">\n<h4 class=\"wp-block-heading\">Alakerta (1. kerros)<\/h4>\n\n\n\n<p>Huoneessa on divaanisohva, josta saa parivuoteen 150 x 200 cm. Lis\u00e4patjat, tyynyt ja peitot l\u00f6ytyv\u00e4t divaanin laatikosta.<\/p>\n\n\n\n<p>Sohvan edess\u00e4 on sohvap\u00f6yt\u00e4. Huoneessa on nojatuoli, TV ja DVT-soitin sek\u00e4 internetreititin (WiFi).<\/p>\n\n\n\n<p>Kalustukseen kuuluvat kuuden hengen ruokap\u00f6yt\u00e4, lasten sy\u00f6tt\u00f6tuoli ja lis\u00e4jakkaroita.<\/p>\n\n\n\n<h4 class=\"wp-block-heading\">Keitti\u00f6<\/h4>\n\n\n\n<p>Kompakti pikkukeitti\u00f6, jossa on kahden altaan tiskip\u00f6yt\u00e4 ja kylm\u00e4-\/l\u00e4mminvesihana. Uunilla varustettu liesi, liesituuletin sek\u00e4 j\u00e4\u00e4kaappi, jossa on pakastinlokero.<\/p>\n\n\n\n<p>Ty\u00f6skentelytasolta l\u00f6ytyv\u00e4t kahvinkeitin, vedenkeitin ja leiv\u00e4npaahdin ja mikroaaltouuni.<\/p>\n\n\n\n<p>Sein\u00e4ll\u00e4 ovat kaapistot astioille sek\u00e4 ruokatarvikkeille. Ty\u00f6tasolla koreissa ovat ruokailuv\u00e4lineet ja muita keitti\u00f6tarvikkeita.<\/p>\n\n\n\n<h4 class=\"wp-block-heading\">Kylpyhuone<\/h4>\n\n\n\n<p>Villa Annessa on tilavat peseytymistilat, jossa on suihkukaappi ja wc sek\u00e4 k\u00e4sienpesuallas, jonka molemmin puolin on p\u00f6yt\u00e4tasot, kaappeja ja laatikostoja. Suihkukaapissa on korissa shampoot ja pesunesteet, peilikaapissa hammastahna, -mukit, ym. tarvikkeita.<\/p>\n\n\n\n<p>Pikkulapsille on potta sek\u00e4 lasten wc-rengas.<\/p>\n\n\n\n<p>Varustukseen kuuluvat hiustenkuivain, k\u00e4si- ja kylpypyyhkeet, k\u00e4sipaperia, k\u00e4sienpesuneste ja k\u00e4sidesi (ohje k\u00e4sienpesuun) , roskakori sek\u00e4 wc:n puhdistusv\u00e4lineit\u00e4.<\/p>\n\n\n\n<p>Pyykinpesukone on k\u00e4yt\u00f6ss\u00e4si ulkosaunan pesuhuoneessa (4 \u20ac \/ pesukerta).<\/p>\n<\/div>\n\n\n\n<div class=\"wp-block-column is-layout-flow wp-block-column-is-layout-flow\">\n<h4 class=\"wp-block-heading\">Yl\u00e4kerta (2. kerros)<\/h4>\n\n\n\n<p>Vuoteina yl\u00e4kerrassa ovat joustinpatjoin varustettu parivuode, 160 x 200 cm, yhden hengen vuode, 80 x 190 cm, sek\u00e4 lastens\u00e4nky ja lis\u00e4ksi pikkulasten matkas\u00e4nky. S\u00e4ngyn vieress\u00e4 on y\u00f6p\u00f6yt\u00e4 ja -lamput.<\/p>\n\n\n\n<p>Patjat, tyynyt ja peitot kuuluvat luonnollisesti varustukseen. Liinavaatteet ovat ehdottomasti pakolliset vuoteissa (lakanat + pyyhkeet 10 \u20ac \/ hl\u00f6). Voit pyyt\u00e4\u00e4 sijausapua henkil\u00f6kunnalta.<\/p>\n\n\n\n<h4 class=\"wp-block-heading\">Kuisti<\/h4>\n\n\n\n<p>Villa Annen joen puolella on koko rakennuksen mittainen katettu terassi, p\u00f6yd\u00e4t ja tuolit. Viihtyisyytt\u00e4 lis\u00e4\u00e4m\u00e4ss\u00e4 ovat kes\u00e4ll\u00e4 kukkaset, talvella\/joulun aikaan jouluvalot ja muut joulukoristeet.<\/p>\n<\/div>\n<\/div>\n\n<\/div>        <\/div>\r\n\r\n\r\n    <\/div>\r\n<\/div>\n\n\r\n<div class=\"accordion-item  \">\r\n\r\n    <h2  class=\"accordion-header\">\r\n        <button class=\"accordion-button  collapsed h3\" type=\"button\" data-bs-toggle=\"collapse\" data-bs-target=\"#collapse-341307643\" aria-expanded=\"false\" aria-controls=\"collapse-341307643\">\r\n                        <span>Siivous ja puhtaanapito sek\u00e4 paloturvallisuus<\/span>        <\/button>\r\n    <\/h2>\r\n    <div id=\"collapse-341307643\" class=\"accordion-collapse collapse  \" aria-labelledby=\"heading-341307643\">\r\n        <div class=\"accordion-body\">\r\n            <div class=\"acf-innerblocks-container\">\n\n<div class=\"wp-block-columns is-layout-flex wp-container-core-columns-is-layout-9d6595d7 wp-block-columns-is-layout-flex\">\n<div class=\"wp-block-column is-layout-flow wp-block-column-is-layout-flow\">\n<h4 class=\"wp-block-heading\">Siivous ja puhtaanapito<\/h4>\n\n\n\n<p>Olemme ymp\u00e4rist\u00f6yst\u00e4v\u00e4llinen yritys ja noudatamme seuraavia j\u00e4tteiden lajitteluohjeita:<\/p>\n\n\n\n<h4 class=\"wp-block-heading\">Lajittelu<\/h4>\n\n\n\n<ul class=\"wp-block-list\">\n<li>Bio- ja sekaj\u00e4te (elintarvikkeita) astiaan tiskialtaan alla -&gt; vie ulkorakennuksen p\u00e4\u00e4dyss\u00e4 olevaan isoon vihre\u00e4\u00e4n j\u00e4teastiaan)<\/li>\n\n\n\n<li>Poltettava j\u00e4te, esim. pakkauspaperit, jne. (astia tiskialtaan alla)<\/li>\n\n\n\n<li>Lasi-, metalli- ja muovij\u00e4te sek\u00e4 pahvipakkaukset kuistilla oleva erilliseen isoon astiaan.<\/li>\n<\/ul>\n\n\n\n<p>Siivouksessa noudatamme erityist\u00e4 huolellisuutta virustartuntojen est\u00e4miseksi. K\u00e4sienpesuohjeet on jaettu kylpyhuoneisiin, joista l\u00f6ytyy my\u00f6s k\u00e4sidesi.<\/p>\n\n\n\n<p>K\u00e4yt\u00e4mme ekologisia puhdistusaineita.<\/p>\n\n\n\n<h4 class=\"wp-block-heading\">Paloturvallisuus<\/h4>\n\n\n\n<p>Villa Annessa on seuraavat turvav\u00e4lineet: palovaroittimet, sammutuspeitto sek\u00e4 on palosammutin. Tutustu <a href=\"https:\/\/silfvastasholidayhomes.fi\/wp-content\/uploads\/2024\/03\/jarjestyssaannot-silfvastas-holiday-homes.pdf\" target=\"_blank\" rel=\"noopener\" title=\"\">turvallisuusohjeisiin<\/a>, jotka l\u00f6ytyv\u00e4t m\u00f6kist\u00e4 tulostettuina.<\/p>\n<\/div>\n<\/div>\n\n<\/div>        <\/div>\r\n\r\n\r\n    <\/div>\r\n<\/div>\n\n\r\n<div class=\"accordion-item  \">\r\n\r\n    <h2  class=\"accordion-header\">\r\n        <button class=\"accordion-button  collapsed h3\" type=\"button\" data-bs-toggle=\"collapse\" data-bs-target=\"#collapse-1433916219\" aria-expanded=\"false\" aria-controls=\"collapse-1433916219\">\r\n                        <span>T\u00e4rke\u00e4\u00e4 tietoa. Luethan t\u00e4m\u00e4n, kiitos!<\/span>        <\/button>\r\n    <\/h2>\r\n    <div id=\"collapse-1433916219\" class=\"accordion-collapse collapse  \" aria-labelledby=\"heading-1433916219\">\r\n        <div class=\"accordion-body\">\r\n            <div class=\"acf-innerblocks-container\">\n\n<ul class=\"wp-block-list\">\n<li>Majoitustilat ovat savuttomia. Jos tupakoit, laita tumpit niille varattuihin astioihin. Ei pihalle eik\u00e4 esim. grillihiilien joukkoon.<\/li>\n\n\n\n<li>Vuoteisiin kuuluvat patjat, peitot ja tyynyt. Ehdottomasti on aina laitettava vuoteisiin lakanat ja tyynyliinat (lakanat+pyyhkeet 10 \u20ac\/ hl\u00f6).<\/li>\n\n\n\n<li>Kylm\u00e4 vesijohtovesi on juomakelpoista. Majoitustiloissa on saatavilla l\u00e4mmin vesi ymp\u00e4ri vuoden, sis\u00e4-wc.<\/li>\n\n\n\n<li>Pyykki\u00e4 voit pest\u00e4 saunalla olevalla pesukoneella (4 \u20ac\/ pesukerta). Silitysmahdollisuudet majoitustiloissa.<\/li>\n\n\n\n<li>Majoitustiloissa on perussiivousv\u00e4lineet (lattiaharja, p\u00f6lynimuri, moppi, pesuaineet).<\/li>\n\n\n\n<li>L\u00e4htiess\u00e4si peseth\u00e4n astiat. V\u00e4lineet allaskaapissa, Villa Hennassa tiskikone.<\/li>\n\n\n\n<li>Kun siirr\u00e4t tavaroita\/astioita toiseen majoitustilaan tai saunalle, palauta ne alkuper\u00e4isille paikoille.<\/li>\n\n\n\n<li>T\u00e4yt\u00e4 heti matkustajakortti: varaajan tiedot ensin, sitten kaikkien y\u00f6pyneiden tiedot. Palauta is\u00e4nt\u00e4v\u00e4elle. Kiitos, kun annat s\u00e4hk\u00f6postiosoitteesi.<\/li>\n<\/ul>\n\n<\/div>        <\/div>\r\n\r\n\r\n    <\/div>\r\n<\/div>\n<\/div>\r\n<\/div>\n\n\n<h2 class=\"wp-block-heading\">Kuvia m\u00f6kist\u00e4<\/h2>\n\n\n\n<figure class=\"wp-block-gallery has-nested-images columns-5 is-cropped wp-block-gallery-1 is-layout-flex wp-block-gallery-is-layout-flex\">\n<figure class=\"wp-block-image size-full\"><a href=\"https:\/\/silfvastasholidayhomes.fi\/wp-content\/uploads\/2024\/03\/villa-anne-scaled-1.jpg\"><img loading=\"lazy\" decoding=\"async\" width=\"1920\" height=\"1278\" data-id=\"4521\" src=\"https:\/\/silfvastasholidayhomes.fi\/wp-content\/uploads\/2024\/03\/villa-anne-scaled-1.jpg\" alt=\"\" class=\"wp-image-4521\" srcset=\"https:\/\/silfvastasholidayhomes.fi\/wp-content\/uploads\/2024\/03\/villa-anne-scaled-1.jpg 1920w, https:\/\/silfvastasholidayhomes.fi\/wp-content\/uploads\/2024\/03\/villa-anne-scaled-1-300x200.jpg 300w, https:\/\/silfvastasholidayhomes.fi\/wp-content\/uploads\/2024\/03\/villa-anne-scaled-1-1024x682.jpg 1024w, https:\/\/silfvastasholidayhomes.fi\/wp-content\/uploads\/2024\/03\/villa-anne-scaled-1-768x511.jpg 768w, https:\/\/silfvastasholidayhomes.fi\/wp-content\/uploads\/2024\/03\/villa-anne-scaled-1-1536x1022.jpg 1536w\" sizes=\"auto, (max-width: 1920px) 100vw, 1920px\" \/><\/a><\/figure>\n\n\n\n<figure class=\"wp-block-image size-full\"><img loading=\"lazy\" decoding=\"async\" width=\"1707\" height=\"2560\" data-id=\"6785\" src=\"https:\/\/silfvastasholidayhomes.fi\/wp-content\/uploads\/2026\/03\/8j7a0196-1-scaled.jpg\" alt=\"\" class=\"wp-image-6785\" srcset=\"https:\/\/silfvastasholidayhomes.fi\/wp-content\/uploads\/2026\/03\/8j7a0196-1-scaled.jpg 1707w, https:\/\/silfvastasholidayhomes.fi\/wp-content\/uploads\/2026\/03\/8j7a0196-1-200x300.jpg 200w, https:\/\/silfvastasholidayhomes.fi\/wp-content\/uploads\/2026\/03\/8j7a0196-1-683x1024.jpg 683w, https:\/\/silfvastasholidayhomes.fi\/wp-content\/uploads\/2026\/03\/8j7a0196-1-768x1152.jpg 768w, https:\/\/silfvastasholidayhomes.fi\/wp-content\/uploads\/2026\/03\/8j7a0196-1-1024x1536.jpg 1024w, https:\/\/silfvastasholidayhomes.fi\/wp-content\/uploads\/2026\/03\/8j7a0196-1-1365x2048.jpg 1365w\" sizes=\"auto, (max-width: 1707px) 100vw, 1707px\" \/><\/figure>\n\n\n\n<figure class=\"wp-block-image size-full\"><a href=\"https:\/\/silfvastasholidayhomes.fi\/wp-content\/uploads\/2024\/03\/medialuotsi-villa-anne-sisaankaynti-scaled-1.jpg\"><img loading=\"lazy\" decoding=\"async\" width=\"1920\" height=\"1118\" data-id=\"4515\" src=\"https:\/\/silfvastasholidayhomes.fi\/wp-content\/uploads\/2024\/03\/medialuotsi-villa-anne-sisaankaynti-scaled-1.jpg\" alt=\"\" class=\"wp-image-4515\" srcset=\"https:\/\/silfvastasholidayhomes.fi\/wp-content\/uploads\/2024\/03\/medialuotsi-villa-anne-sisaankaynti-scaled-1.jpg 1920w, https:\/\/silfvastasholidayhomes.fi\/wp-content\/uploads\/2024\/03\/medialuotsi-villa-anne-sisaankaynti-scaled-1-300x175.jpg 300w, https:\/\/silfvastasholidayhomes.fi\/wp-content\/uploads\/2024\/03\/medialuotsi-villa-anne-sisaankaynti-scaled-1-1024x596.jpg 1024w, https:\/\/silfvastasholidayhomes.fi\/wp-content\/uploads\/2024\/03\/medialuotsi-villa-anne-sisaankaynti-scaled-1-768x447.jpg 768w, https:\/\/silfvastasholidayhomes.fi\/wp-content\/uploads\/2024\/03\/medialuotsi-villa-anne-sisaankaynti-scaled-1-1536x894.jpg 1536w\" sizes=\"auto, (max-width: 1920px) 100vw, 1920px\" \/><\/a><\/figure>\n\n\n\n<figure class=\"wp-block-image size-full\"><img loading=\"lazy\" decoding=\"async\" width=\"1707\" height=\"2560\" data-id=\"6746\" src=\"https:\/\/silfvastasholidayhomes.fi\/wp-content\/uploads\/2026\/03\/8j7a0174-scaled.jpg\" alt=\"\" class=\"wp-image-6746\" srcset=\"https:\/\/silfvastasholidayhomes.fi\/wp-content\/uploads\/2026\/03\/8j7a0174-scaled.jpg 1707w, https:\/\/silfvastasholidayhomes.fi\/wp-content\/uploads\/2026\/03\/8j7a0174-200x300.jpg 200w, https:\/\/silfvastasholidayhomes.fi\/wp-content\/uploads\/2026\/03\/8j7a0174-683x1024.jpg 683w, https:\/\/silfvastasholidayhomes.fi\/wp-content\/uploads\/2026\/03\/8j7a0174-768x1152.jpg 768w, https:\/\/silfvastasholidayhomes.fi\/wp-content\/uploads\/2026\/03\/8j7a0174-1024x1536.jpg 1024w, https:\/\/silfvastasholidayhomes.fi\/wp-content\/uploads\/2026\/03\/8j7a0174-1365x2048.jpg 1365w\" sizes=\"auto, (max-width: 1707px) 100vw, 1707px\" \/><\/figure>\n\n\n\n<figure class=\"wp-block-image size-full\"><a href=\"https:\/\/silfvastasholidayhomes.fi\/wp-content\/uploads\/2024\/03\/sauna-ja-villa-anne-scaled-1.jpg\"><img loading=\"lazy\" decoding=\"async\" width=\"1920\" height=\"1257\" data-id=\"4516\" src=\"https:\/\/silfvastasholidayhomes.fi\/wp-content\/uploads\/2024\/03\/sauna-ja-villa-anne-scaled-1.jpg\" alt=\"\" class=\"wp-image-4516\" srcset=\"https:\/\/silfvastasholidayhomes.fi\/wp-content\/uploads\/2024\/03\/sauna-ja-villa-anne-scaled-1.jpg 1920w, https:\/\/silfvastasholidayhomes.fi\/wp-content\/uploads\/2024\/03\/sauna-ja-villa-anne-scaled-1-300x196.jpg 300w, https:\/\/silfvastasholidayhomes.fi\/wp-content\/uploads\/2024\/03\/sauna-ja-villa-anne-scaled-1-1024x670.jpg 1024w, https:\/\/silfvastasholidayhomes.fi\/wp-content\/uploads\/2024\/03\/sauna-ja-villa-anne-scaled-1-768x503.jpg 768w, https:\/\/silfvastasholidayhomes.fi\/wp-content\/uploads\/2024\/03\/sauna-ja-villa-anne-scaled-1-1536x1006.jpg 1536w\" sizes=\"auto, (max-width: 1920px) 100vw, 1920px\" \/><\/a><\/figure>\n\n\n\n<figure class=\"wp-block-image size-full\"><img loading=\"lazy\" decoding=\"async\" width=\"1707\" height=\"2560\" data-id=\"6773\" src=\"https:\/\/silfvastasholidayhomes.fi\/wp-content\/uploads\/2026\/03\/8j7a0181-1-scaled.jpg\" alt=\"\" class=\"wp-image-6773\" srcset=\"https:\/\/silfvastasholidayhomes.fi\/wp-content\/uploads\/2026\/03\/8j7a0181-1-scaled.jpg 1707w, https:\/\/silfvastasholidayhomes.fi\/wp-content\/uploads\/2026\/03\/8j7a0181-1-200x300.jpg 200w, https:\/\/silfvastasholidayhomes.fi\/wp-content\/uploads\/2026\/03\/8j7a0181-1-683x1024.jpg 683w, https:\/\/silfvastasholidayhomes.fi\/wp-content\/uploads\/2026\/03\/8j7a0181-1-768x1152.jpg 768w, https:\/\/silfvastasholidayhomes.fi\/wp-content\/uploads\/2026\/03\/8j7a0181-1-1024x1536.jpg 1024w, https:\/\/silfvastasholidayhomes.fi\/wp-content\/uploads\/2026\/03\/8j7a0181-1-1365x2048.jpg 1365w\" sizes=\"auto, (max-width: 1707px) 100vw, 1707px\" \/><\/figure>\n\n\n\n<figure class=\"wp-block-image size-full\"><img loading=\"lazy\" decoding=\"async\" width=\"1707\" height=\"2560\" data-id=\"6728\" src=\"https:\/\/silfvastasholidayhomes.fi\/wp-content\/uploads\/2026\/03\/8j7a0204-1-scaled.jpg\" alt=\"\" class=\"wp-image-6728\" srcset=\"https:\/\/silfvastasholidayhomes.fi\/wp-content\/uploads\/2026\/03\/8j7a0204-1-scaled.jpg 1707w, https:\/\/silfvastasholidayhomes.fi\/wp-content\/uploads\/2026\/03\/8j7a0204-1-200x300.jpg 200w, https:\/\/silfvastasholidayhomes.fi\/wp-content\/uploads\/2026\/03\/8j7a0204-1-683x1024.jpg 683w, https:\/\/silfvastasholidayhomes.fi\/wp-content\/uploads\/2026\/03\/8j7a0204-1-768x1152.jpg 768w, https:\/\/silfvastasholidayhomes.fi\/wp-content\/uploads\/2026\/03\/8j7a0204-1-1024x1536.jpg 1024w, https:\/\/silfvastasholidayhomes.fi\/wp-content\/uploads\/2026\/03\/8j7a0204-1-1365x2048.jpg 1365w\" sizes=\"auto, (max-width: 1707px) 100vw, 1707px\" \/><\/figure>\n\n\n\n<figure class=\"wp-block-image size-full\"><img loading=\"lazy\" decoding=\"async\" width=\"1707\" height=\"2560\" data-id=\"6725\" src=\"https:\/\/silfvastasholidayhomes.fi\/wp-content\/uploads\/2026\/03\/8j7a0202-1-scaled.jpg\" alt=\"\" class=\"wp-image-6725\" srcset=\"https:\/\/silfvastasholidayhomes.fi\/wp-content\/uploads\/2026\/03\/8j7a0202-1-scaled.jpg 1707w, https:\/\/silfvastasholidayhomes.fi\/wp-content\/uploads\/2026\/03\/8j7a0202-1-200x300.jpg 200w, https:\/\/silfvastasholidayhomes.fi\/wp-content\/uploads\/2026\/03\/8j7a0202-1-683x1024.jpg 683w, https:\/\/silfvastasholidayhomes.fi\/wp-content\/uploads\/2026\/03\/8j7a0202-1-768x1152.jpg 768w, https:\/\/silfvastasholidayhomes.fi\/wp-content\/uploads\/2026\/03\/8j7a0202-1-1024x1536.jpg 1024w, https:\/\/silfvastasholidayhomes.fi\/wp-content\/uploads\/2026\/03\/8j7a0202-1-1365x2048.jpg 1365w\" sizes=\"auto, (max-width: 1707px) 100vw, 1707px\" \/><\/figure>\n\n\n\n<figure class=\"wp-block-image size-full\"><img loading=\"lazy\" decoding=\"async\" width=\"1707\" height=\"2560\" data-id=\"6806\" src=\"https:\/\/silfvastasholidayhomes.fi\/wp-content\/uploads\/2026\/03\/8j7a0243-2-scaled.jpg\" alt=\"\" class=\"wp-image-6806\" srcset=\"https:\/\/silfvastasholidayhomes.fi\/wp-content\/uploads\/2026\/03\/8j7a0243-2-scaled.jpg 1707w, https:\/\/silfvastasholidayhomes.fi\/wp-content\/uploads\/2026\/03\/8j7a0243-2-200x300.jpg 200w, https:\/\/silfvastasholidayhomes.fi\/wp-content\/uploads\/2026\/03\/8j7a0243-2-683x1024.jpg 683w, https:\/\/silfvastasholidayhomes.fi\/wp-content\/uploads\/2026\/03\/8j7a0243-2-768x1152.jpg 768w, https:\/\/silfvastasholidayhomes.fi\/wp-content\/uploads\/2026\/03\/8j7a0243-2-1024x1536.jpg 1024w, https:\/\/silfvastasholidayhomes.fi\/wp-content\/uploads\/2026\/03\/8j7a0243-2-1365x2048.jpg 1365w\" sizes=\"auto, (max-width: 1707px) 100vw, 1707px\" \/><\/figure>\n\n\n\n<figure class=\"wp-block-image size-full\"><img loading=\"lazy\" decoding=\"async\" width=\"1707\" height=\"2560\" data-id=\"6791\" src=\"https:\/\/silfvastasholidayhomes.fi\/wp-content\/uploads\/2026\/03\/8j7a0229-scaled.jpg\" alt=\"\" class=\"wp-image-6791\" srcset=\"https:\/\/silfvastasholidayhomes.fi\/wp-content\/uploads\/2026\/03\/8j7a0229-scaled.jpg 1707w, https:\/\/silfvastasholidayhomes.fi\/wp-content\/uploads\/2026\/03\/8j7a0229-200x300.jpg 200w, https:\/\/silfvastasholidayhomes.fi\/wp-content\/uploads\/2026\/03\/8j7a0229-683x1024.jpg 683w, https:\/\/silfvastasholidayhomes.fi\/wp-content\/uploads\/2026\/03\/8j7a0229-768x1152.jpg 768w, https:\/\/silfvastasholidayhomes.fi\/wp-content\/uploads\/2026\/03\/8j7a0229-1024x1536.jpg 1024w, https:\/\/silfvastasholidayhomes.fi\/wp-content\/uploads\/2026\/03\/8j7a0229-1365x2048.jpg 1365w\" sizes=\"auto, (max-width: 1707px) 100vw, 1707px\" \/><\/figure>\n\n\n\n<figure class=\"wp-block-image size-full\"><img loading=\"lazy\" decoding=\"async\" width=\"1707\" height=\"2560\" data-id=\"6734\" src=\"https:\/\/silfvastasholidayhomes.fi\/wp-content\/uploads\/2026\/03\/8j7a0240-1-scaled.jpg\" alt=\"\" class=\"wp-image-6734\" srcset=\"https:\/\/silfvastasholidayhomes.fi\/wp-content\/uploads\/2026\/03\/8j7a0240-1-scaled.jpg 1707w, https:\/\/silfvastasholidayhomes.fi\/wp-content\/uploads\/2026\/03\/8j7a0240-1-200x300.jpg 200w, https:\/\/silfvastasholidayhomes.fi\/wp-content\/uploads\/2026\/03\/8j7a0240-1-683x1024.jpg 683w, https:\/\/silfvastasholidayhomes.fi\/wp-content\/uploads\/2026\/03\/8j7a0240-1-768x1152.jpg 768w, https:\/\/silfvastasholidayhomes.fi\/wp-content\/uploads\/2026\/03\/8j7a0240-1-1024x1536.jpg 1024w, https:\/\/silfvastasholidayhomes.fi\/wp-content\/uploads\/2026\/03\/8j7a0240-1-1365x2048.jpg 1365w\" sizes=\"auto, (max-width: 1707px) 100vw, 1707px\" \/><\/figure>\n\n\n\n<figure class=\"wp-block-image size-full\"><img loading=\"lazy\" decoding=\"async\" width=\"1707\" height=\"2560\" data-id=\"6758\" src=\"https:\/\/silfvastasholidayhomes.fi\/wp-content\/uploads\/2026\/03\/8j7a0220-scaled.jpg\" alt=\"\" class=\"wp-image-6758\" srcset=\"https:\/\/silfvastasholidayhomes.fi\/wp-content\/uploads\/2026\/03\/8j7a0220-scaled.jpg 1707w, https:\/\/silfvastasholidayhomes.fi\/wp-content\/uploads\/2026\/03\/8j7a0220-200x300.jpg 200w, https:\/\/silfvastasholidayhomes.fi\/wp-content\/uploads\/2026\/03\/8j7a0220-683x1024.jpg 683w, https:\/\/silfvastasholidayhomes.fi\/wp-content\/uploads\/2026\/03\/8j7a0220-768x1152.jpg 768w, https:\/\/silfvastasholidayhomes.fi\/wp-content\/uploads\/2026\/03\/8j7a0220-1024x1536.jpg 1024w, https:\/\/silfvastasholidayhomes.fi\/wp-content\/uploads\/2026\/03\/8j7a0220-1365x2048.jpg 1365w\" sizes=\"auto, (max-width: 1707px) 100vw, 1707px\" \/><\/figure>\n\n\n\n<figure class=\"wp-block-image size-full\"><img loading=\"lazy\" decoding=\"async\" width=\"1707\" height=\"2560\" data-id=\"6788\" src=\"https:\/\/silfvastasholidayhomes.fi\/wp-content\/uploads\/2026\/03\/8j7a0226-scaled.jpg\" alt=\"\" class=\"wp-image-6788\" srcset=\"https:\/\/silfvastasholidayhomes.fi\/wp-content\/uploads\/2026\/03\/8j7a0226-scaled.jpg 1707w, https:\/\/silfvastasholidayhomes.fi\/wp-content\/uploads\/2026\/03\/8j7a0226-200x300.jpg 200w, https:\/\/silfvastasholidayhomes.fi\/wp-content\/uploads\/2026\/03\/8j7a0226-683x1024.jpg 683w, https:\/\/silfvastasholidayhomes.fi\/wp-content\/uploads\/2026\/03\/8j7a0226-768x1152.jpg 768w, https:\/\/silfvastasholidayhomes.fi\/wp-content\/uploads\/2026\/03\/8j7a0226-1024x1536.jpg 1024w, https:\/\/silfvastasholidayhomes.fi\/wp-content\/uploads\/2026\/03\/8j7a0226-1365x2048.jpg 1365w\" sizes=\"auto, (max-width: 1707px) 100vw, 1707px\" \/><\/figure>\n\n\n\n<figure class=\"wp-block-image size-full\"><img loading=\"lazy\" decoding=\"async\" width=\"1707\" height=\"2560\" data-id=\"6731\" src=\"https:\/\/silfvastasholidayhomes.fi\/wp-content\/uploads\/2026\/03\/8j7a0193-1-scaled.jpg\" alt=\"\" class=\"wp-image-6731\" srcset=\"https:\/\/silfvastasholidayhomes.fi\/wp-content\/uploads\/2026\/03\/8j7a0193-1-scaled.jpg 1707w, https:\/\/silfvastasholidayhomes.fi\/wp-content\/uploads\/2026\/03\/8j7a0193-1-200x300.jpg 200w, https:\/\/silfvastasholidayhomes.fi\/wp-content\/uploads\/2026\/03\/8j7a0193-1-683x1024.jpg 683w, https:\/\/silfvastasholidayhomes.fi\/wp-content\/uploads\/2026\/03\/8j7a0193-1-768x1152.jpg 768w, https:\/\/silfvastasholidayhomes.fi\/wp-content\/uploads\/2026\/03\/8j7a0193-1-1024x1536.jpg 1024w, https:\/\/silfvastasholidayhomes.fi\/wp-content\/uploads\/2026\/03\/8j7a0193-1-1365x2048.jpg 1365w\" sizes=\"auto, (max-width: 1707px) 100vw, 1707px\" \/><\/figure>\n\n\n\n<figure class=\"wp-block-image size-full\"><img loading=\"lazy\" decoding=\"async\" width=\"1707\" height=\"2560\" data-id=\"6779\" src=\"https:\/\/silfvastasholidayhomes.fi\/wp-content\/uploads\/2026\/03\/8j7a0190-scaled.jpg\" alt=\"\" class=\"wp-image-6779\" srcset=\"https:\/\/silfvastasholidayhomes.fi\/wp-content\/uploads\/2026\/03\/8j7a0190-scaled.jpg 1707w, https:\/\/silfvastasholidayhomes.fi\/wp-content\/uploads\/2026\/03\/8j7a0190-200x300.jpg 200w, https:\/\/silfvastasholidayhomes.fi\/wp-content\/uploads\/2026\/03\/8j7a0190-683x1024.jpg 683w, https:\/\/silfvastasholidayhomes.fi\/wp-content\/uploads\/2026\/03\/8j7a0190-768x1152.jpg 768w, https:\/\/silfvastasholidayhomes.fi\/wp-content\/uploads\/2026\/03\/8j7a0190-1024x1536.jpg 1024w, https:\/\/silfvastasholidayhomes.fi\/wp-content\/uploads\/2026\/03\/8j7a0190-1365x2048.jpg 1365w\" sizes=\"auto, (max-width: 1707px) 100vw, 1707px\" \/><\/figure>\n\n\n\n<figure class=\"wp-block-image size-full\"><img loading=\"lazy\" decoding=\"async\" width=\"1707\" height=\"2560\" data-id=\"6743\" src=\"https:\/\/silfvastasholidayhomes.fi\/wp-content\/uploads\/2026\/03\/8j7a0210-2-scaled.jpg\" alt=\"\" class=\"wp-image-6743\" srcset=\"https:\/\/silfvastasholidayhomes.fi\/wp-content\/uploads\/2026\/03\/8j7a0210-2-scaled.jpg 1707w, https:\/\/silfvastasholidayhomes.fi\/wp-content\/uploads\/2026\/03\/8j7a0210-2-200x300.jpg 200w, https:\/\/silfvastasholidayhomes.fi\/wp-content\/uploads\/2026\/03\/8j7a0210-2-683x1024.jpg 683w, https:\/\/silfvastasholidayhomes.fi\/wp-content\/uploads\/2026\/03\/8j7a0210-2-768x1152.jpg 768w, https:\/\/silfvastasholidayhomes.fi\/wp-content\/uploads\/2026\/03\/8j7a0210-2-1024x1536.jpg 1024w, https:\/\/silfvastasholidayhomes.fi\/wp-content\/uploads\/2026\/03\/8j7a0210-2-1365x2048.jpg 1365w\" sizes=\"auto, (max-width: 1707px) 100vw, 1707px\" \/><\/figure>\n\n\n\n<figure class=\"wp-block-image size-full\"><img loading=\"lazy\" decoding=\"async\" width=\"1707\" height=\"2560\" data-id=\"6740\" src=\"https:\/\/silfvastasholidayhomes.fi\/wp-content\/uploads\/2026\/03\/8j7a0207-1-scaled.jpg\" alt=\"\" class=\"wp-image-6740\" srcset=\"https:\/\/silfvastasholidayhomes.fi\/wp-content\/uploads\/2026\/03\/8j7a0207-1-scaled.jpg 1707w, https:\/\/silfvastasholidayhomes.fi\/wp-content\/uploads\/2026\/03\/8j7a0207-1-200x300.jpg 200w, https:\/\/silfvastasholidayhomes.fi\/wp-content\/uploads\/2026\/03\/8j7a0207-1-683x1024.jpg 683w, https:\/\/silfvastasholidayhomes.fi\/wp-content\/uploads\/2026\/03\/8j7a0207-1-768x1152.jpg 768w, https:\/\/silfvastasholidayhomes.fi\/wp-content\/uploads\/2026\/03\/8j7a0207-1-1024x1536.jpg 1024w, https:\/\/silfvastasholidayhomes.fi\/wp-content\/uploads\/2026\/03\/8j7a0207-1-1365x2048.jpg 1365w\" sizes=\"auto, (max-width: 1707px) 100vw, 1707px\" \/><\/figure>\n\n\n\n<figure class=\"wp-block-image size-full\"><img loading=\"lazy\" decoding=\"async\" width=\"1707\" height=\"2560\" data-id=\"6767\" src=\"https:\/\/silfvastasholidayhomes.fi\/wp-content\/uploads\/2026\/03\/8j7a0236-1-scaled.jpg\" alt=\"\" class=\"wp-image-6767\" srcset=\"https:\/\/silfvastasholidayhomes.fi\/wp-content\/uploads\/2026\/03\/8j7a0236-1-scaled.jpg 1707w, https:\/\/silfvastasholidayhomes.fi\/wp-content\/uploads\/2026\/03\/8j7a0236-1-200x300.jpg 200w, https:\/\/silfvastasholidayhomes.fi\/wp-content\/uploads\/2026\/03\/8j7a0236-1-683x1024.jpg 683w, https:\/\/silfvastasholidayhomes.fi\/wp-content\/uploads\/2026\/03\/8j7a0236-1-768x1152.jpg 768w, https:\/\/silfvastasholidayhomes.fi\/wp-content\/uploads\/2026\/03\/8j7a0236-1-1024x1536.jpg 1024w, https:\/\/silfvastasholidayhomes.fi\/wp-content\/uploads\/2026\/03\/8j7a0236-1-1365x2048.jpg 1365w\" sizes=\"auto, (max-width: 1707px) 100vw, 1707px\" \/><\/figure>\n\n\n\n<figure class=\"wp-block-image size-full\"><img loading=\"lazy\" decoding=\"async\" width=\"1707\" height=\"2560\" data-id=\"6755\" src=\"https:\/\/silfvastasholidayhomes.fi\/wp-content\/uploads\/2026\/03\/8j7a0262-scaled.jpg\" alt=\"\" class=\"wp-image-6755\" srcset=\"https:\/\/silfvastasholidayhomes.fi\/wp-content\/uploads\/2026\/03\/8j7a0262-scaled.jpg 1707w, https:\/\/silfvastasholidayhomes.fi\/wp-content\/uploads\/2026\/03\/8j7a0262-200x300.jpg 200w, https:\/\/silfvastasholidayhomes.fi\/wp-content\/uploads\/2026\/03\/8j7a0262-683x1024.jpg 683w, https:\/\/silfvastasholidayhomes.fi\/wp-content\/uploads\/2026\/03\/8j7a0262-768x1152.jpg 768w, https:\/\/silfvastasholidayhomes.fi\/wp-content\/uploads\/2026\/03\/8j7a0262-1024x1536.jpg 1024w, https:\/\/silfvastasholidayhomes.fi\/wp-content\/uploads\/2026\/03\/8j7a0262-1365x2048.jpg 1365w\" sizes=\"auto, (max-width: 1707px) 100vw, 1707px\" \/><\/figure>\n<\/figure>\n\n\n\n<p><\/p>\n","protected":false},"excerpt":{"rendered":"<p>Lomam\u00f6kki Villa Anne Hirsim\u00f6kki (60m2), jossa asuintilat sijaitsevat kahdessa kerroksessa. Villa Anne soveltuu perheelle tai viidelle aikuiselle. K\u00e4ytt\u00f6\u00f6n voit varata erillisen puul\u00e4mmitteisen saunan. Kuvia m\u00f6kist\u00e4<\/p>\n","protected":false},"author":1,"featured_media":0,"parent":5397,"menu_order":0,"comment_status":"closed","ping_status":"closed","template":"","meta":{"_acf_changed":false,"footnotes":""},"class_list":["post-6836","page","type-page","status-publish","hentry"],"acf":[],"aioseo_notices":[],"_links":{"self":[{"href":"https:\/\/silfvastasholidayhomes.fi\/sv\/wp-json\/wp\/v2\/pages\/6836","targetHints":{"allow":["GET"]}}],"collection":[{"href":"https:\/\/silfvastasholidayhomes.fi\/sv\/wp-json\/wp\/v2\/pages"}],"about":[{"href":"https:\/\/silfvastasholidayhomes.fi\/sv\/wp-json\/wp\/v2\/types\/page"}],"author":[{"embeddable":true,"href":"https:\/\/silfvastasholidayhomes.fi\/sv\/wp-json\/wp\/v2\/users\/1"}],"replies":[{"embeddable":true,"href":"https:\/\/silfvastasholidayhomes.fi\/sv\/wp-json\/wp\/v2\/comments?post=6836"}],"version-history":[{"count":0,"href":"https:\/\/silfvastasholidayhomes.fi\/sv\/wp-json\/wp\/v2\/pages\/6836\/revisions"}],"up":[{"embeddable":true,"href":"https:\/\/silfvastasholidayhomes.fi\/sv\/wp-json\/wp\/v2\/pages\/5397"}],"wp:attachment":[{"href":"https:\/\/silfvastasholidayhomes.fi\/sv\/wp-json\/wp\/v2\/media?parent=6836"}],"curies":[{"name":"wp","href":"https:\/\/api.w.org\/{rel}","templated":true}]}}